{"id":25193,"date":"2025-09-02T11:12:08","date_gmt":"2025-09-02T10:12:08","guid":{"rendered":"https:\/\/www.acad-ciencias.pt\/?post_type=ac_scholars&#038;p=25193"},"modified":"2026-04-07T10:46:10","modified_gmt":"2026-04-07T09:46:10","slug":"manuel-candido-pimentel","status":"publish","type":"ac_scholars","link":"http:\/\/www.acad-ciencias.pt\/eng\/scholars\/manuel-candido-pimentel\/","title":{"rendered":"Manuel C\u00e2ndido Pimentel"},"content":{"rendered":"<p>Fil\u00f3sofo, professor, poeta e ficcionista. Licenciado em Filosofia (1986) pela Universidade do Porto e mestre em Filosofia (1991) pela Universidade de Lisboa, conclui o Doutoramento na mesma \u00e1rea em 2001 na Universidade Cat\u00f3lica Portuguesa. Tendo iniciado a sua carreia acad\u00e9mica na Universidade dos A\u00e7ores, \u00e9 atualmente professor associado da Faculdade de Ci\u00eancias Humanas da Universidade Cat\u00f3lica Portuguesa, Coordenador da \u00c1rea Cient\u00edfica de Filosofia da mesma Faculdade, membro da Sociedade Cient\u00edfica da Universidade Cat\u00f3lica Portuguesa e vice-presidente do Instituto de Filosofia Luso-Brasileira. Tem orientado os seus interesses para a cultura filos\u00f3fica portuguesa, luso-brasileira e hispano-americana, bem como para a \u00e9tica e a filosofia do conhecimento, coordenando e participando, nestas \u00e1reas, em m\u00faltiplos projetos de unidades de I&amp;D, organizando congressos, col\u00f3quios e semin\u00e1rios nacionais e internacionais. Em 2008, foi Presidente da Comiss\u00e3o Organizadora das Comemora\u00e7\u00f5es do IV Centen\u00e1rio do Nascimento do Padre Ant\u00f3nio Vieira. Entre as suas obras salientam-se Antero de Quental: <em>Uma Filosofia do Paradoxo<\/em> (1993), <em>Filosofia Criacionista da Morte<\/em> (1994), <em>Odisseias do Esp\u00edrito: estudos de Filosofia luso-brasileira<\/em> (1996), <em>A Ontologia Integral de Leonardo Coimbra: Ensaio sobre a Intui\u00e7\u00e3o do Ser e a Vis\u00e3o Enigm\u00e1tica<\/em> (2003), <em>De Chronos a Kair\u00f3s: Caminhos filos\u00f3ficos do Padre Ant\u00f4nio Vieira<\/em> (2008), <em>Raz\u00e3o Comovida (2011), Leonardo Coimbra: vida e filosofia<\/em> (2019).<\/p>\n\n\n\n<p><\/p>\n\n\n\n<p><\/p>","protected":false},"excerpt":{"rendered":"<p>Fil\u00f3sofo, professor, poeta e ficcionista. Licenciado em Filosofia (1986) pela Universidade do Porto e mestre em Filosofia (1991) pela Universidade de Lisboa, conclui o Doutoramento na mesma \u00e1rea em 2001 na Universidade Cat\u00f3lica Portuguesa. Tendo iniciado a sua carreia acad\u00e9mica na Universidade dos A\u00e7ores, \u00e9 atualmente professor associado da Faculdade de Ci\u00eancias Humanas da Universidade [&hellip;]<\/p>","protected":false},"author":16,"featured_media":27493,"menu_order":0,"template":"","format":"standard","meta":{"date":["2025-06-17"],"email":"","show_email":false,"interest":"","interest_en":"","hyperlink":"","footnotes":""},"ac_class":[118],"ac_bond":[121],"ac_section":[139],"class_list":["post-25193","ac_scholars","type-ac_scholars","status-publish","format-standard","has-post-thumbnail","hentry","ac_class-classe-de-letras","ac_bond-correspondentes-nacionais","ac_section-3-a-seccao-filosofia-psicologia-e-ciencias-da-educacao"],"_links":{"self":[{"href":"http:\/\/www.acad-ciencias.pt\/eng\/wp-json\/wp\/v2\/ac_scholars\/25193","targetHints":{"allow":["GET"]}}],"collection":[{"href":"http:\/\/www.acad-ciencias.pt\/eng\/wp-json\/wp\/v2\/ac_scholars"}],"about":[{"href":"http:\/\/www.acad-ciencias.pt\/eng\/wp-json\/wp\/v2\/types\/ac_scholars"}],"author":[{"embeddable":true,"href":"http:\/\/www.acad-ciencias.pt\/eng\/wp-json\/wp\/v2\/users\/16"}],"version-history":[{"count":2,"href":"http:\/\/www.acad-ciencias.pt\/eng\/wp-json\/wp\/v2\/ac_scholars\/25193\/revisions"}],"predecessor-version":[{"id":27404,"href":"http:\/\/www.acad-ciencias.pt\/eng\/wp-json\/wp\/v2\/ac_scholars\/25193\/revisions\/27404"}],"wp:featuredmedia":[{"embeddable":true,"href":"http:\/\/www.acad-ciencias.pt\/eng\/wp-json\/wp\/v2\/media\/27493"}],"wp:attachment":[{"href":"http:\/\/www.acad-ciencias.pt\/eng\/wp-json\/wp\/v2\/media?parent=25193"}],"wp:term":[{"taxonomy":"ac_class","embeddable":true,"href":"http:\/\/www.acad-ciencias.pt\/eng\/wp-json\/wp\/v2\/ac_class?post=25193"},{"taxonomy":"ac_bond","embeddable":true,"href":"http:\/\/www.acad-ciencias.pt\/eng\/wp-json\/wp\/v2\/ac_bond?post=25193"},{"taxonomy":"ac_section","embeddable":true,"href":"http:\/\/www.acad-ciencias.pt\/eng\/wp-json\/wp\/v2\/ac_section?post=25193"}],"curies":[{"name":"wp","href":"https:\/\/api.w.org\/{rel}","templated":true}]}}