{"id":14176,"date":"2023-05-02T09:37:35","date_gmt":"2023-05-02T09:37:35","guid":{"rendered":"https:\/\/www.acad-ciencias.pt\/?post_type=mec-events&#038;p=14176"},"modified":"2023-06-22T10:37:07","modified_gmt":"2023-06-22T10:37:07","slug":"sessao-da-classe-de-ciencias-6-132","status":"publish","type":"mec-events","link":"https:\/\/www.acad-ciencias.pt\/eng\/events\/sessao-da-classe-de-ciencias-6-132\/","title":{"rendered":"Sess\u00e3o da Classe de Ci\u00eancias"},"content":{"rendered":"<div data-elementor-type=\"wp-post\" data-elementor-id=\"14176\" class=\"elementor elementor-14176\">\n\t\t\t\t\t\t<section class=\"has_eae_slider elementor-section elementor-top-section elementor-element elementor-element-58736dd7 elementor-section-boxed elementor-section-height-default elementor-section-height-default\" data-eae-slider=\"28300\" data-id=\"58736dd7\" data-element_type=\"section\">\n\t\t\t\t\t\t<div class=\"elementor-container elementor-column-gap-default\">\n\t\t\t\t\t<div class=\"has_eae_slider aux-parallax-section elementor-column elementor-col-100 elementor-top-column elementor-element elementor-element-42af51db\" data-eae-slider=\"77563\" data-id=\"42af51db\" data-element_type=\"column\">\n\t\t\t<div class=\"elementor-widget-wrap elementor-element-populated\">\n\t\t\t\t\t\t<div class=\"elementor-element elementor-element-18539ed5 elementor-widget elementor-widget-text-editor\" data-id=\"18539ed5\" data-element_type=\"widget\" data-widget_type=\"text-editor.default\">\n\t\t\t\t<div class=\"elementor-widget-container\">\n\t\t\t\t\t\t\t\t\t\n<p>Sob a presid\u00eancia do Senhor Carlos Salema, com a seguinte ordem-do-dia, com o tema geral <em>Fronteira de Luz Externa.<\/em><\/p>\n\n<ol class=\"wp-block-list\" type=\"1\">\n<li>Apresenta\u00e7\u00e3o pelo Senhor acad\u00e9mico <strong>Lu\u00eds Oliveira e Silva<\/strong>, das comunica\u00e7\u00f5es dos convidados.<\/li>\n\n<li>Comunica\u00e7\u00e3o da convidada Senhora D. \u00a0<strong>Marija Vranic<\/strong>, intitulada<span style=\"color: #3366ff;\"><a style=\"color: #3366ff;\" href=\"https:\/\/www.acad-ciencias.pt\/wp-content\/uploads\/2023\/05\/Resumo_Marija_Vranic_2023_05_18.pdf\" target=\"_blank\" rel=\"noreferrer noopener\" data-type=\"URL\" data-id=\"https:\/\/www.acad-ciencias.pt\/wp-content\/uploads\/2023\/05\/Resumo_Marija_Vranic_2023_05_18.pdf\"> <em>Plasmas in extreme conditions &#8211; electron-positron pair creation and acceleration using intense lasers.<\/em><\/a><\/span><\/li>\n\n<li>Comunica\u00e7\u00e3o do convidado Senhor <strong>Nuno Lemos<\/strong>, intitulada <span style=\"color: #3366ff;\"><em><a style=\"color: #3366ff;\" href=\"https:\/\/www.acad-ciencias.pt\/wp-content\/uploads\/2023\/05\/Resumo_Nuno_Lemos_2023_05_18.pdf\" target=\"_blank\" rel=\"noreferrer noopener\" data-type=\"URL\" data-id=\"https:\/\/www.acad-ciencias.pt\/wp-content\/uploads\/2023\/05\/Resumo_Nuno_Lemos_2023_05_18.pdf\">Target Gain &gt; 1 from Inertial Confinement Fusion Implosions at the National Ignition Facility<\/a><\/em><\/span><\/li>\n<\/ol>\n\t\t\t\t\t\t\t\t<\/div>\n\t\t\t\t<\/div>\n\t\t\t\t\t<\/div>\n\t\t<\/div>\n\t\t\t\t\t<\/div>\n\t\t<\/section>\n\t\t\t\t<section class=\"has_eae_slider elementor-section elementor-top-section elementor-element elementor-element-448f8cc elementor-section-boxed elementor-section-height-default elementor-section-height-default\" data-eae-slider=\"48909\" data-id=\"448f8cc\" data-element_type=\"section\">\n\t\t\t\t\t\t<div class=\"elementor-container elementor-column-gap-default\">\n\t\t\t\t\t<div class=\"has_eae_slider aux-parallax-section elementor-column elementor-col-100 elementor-top-column elementor-element elementor-element-795810c\" data-eae-slider=\"356\" data-id=\"795810c\" data-element_type=\"column\">\n\t\t\t<div class=\"elementor-widget-wrap elementor-element-populated\">\n\t\t\t\t\t\t<div class=\"elementor-element elementor-element-b83433c elementor-widget elementor-widget-video\" data-id=\"b83433c\" data-element_type=\"widget\" data-settings=\"{&quot;youtube_url&quot;:&quot;https:\\\/\\\/www.youtube.com\\\/watch?v=8qSioAFBGMQ&amp;t=5s&quot;,&quot;video_type&quot;:&quot;youtube&quot;,&quot;controls&quot;:&quot;yes&quot;}\" data-widget_type=\"video.default\">\n\t\t\t\t<div class=\"elementor-widget-container\">\n\t\t\t\t\t\t\t<div class=\"elementor-wrapper elementor-open-inline\">\n\t\t\t<div class=\"elementor-video\"><\/div>\t\t<\/div>\n\t\t\t\t\t\t<\/div>\n\t\t\t\t<\/div>\n\t\t\t\t\t<\/div>\n\t\t<\/div>\n\t\t\t\t\t<\/div>\n\t\t<\/section>\n\t\t\t\t<\/div>","protected":false},"excerpt":{"rendered":"<p>Sob a presid\u00eancia do Senhor Carlos Salema, com a seguinte ordem-do-dia, com o tema geral Fronteira de Luz Externa.<\/p>","protected":false},"author":10,"featured_media":13770,"template":"","tags":[],"mec_category":[27],"class_list":["post-14176","mec-events","type-mec-events","status-publish","has-post-thumbnail","hentry","mec_category-sessoes-academicas"],"_links":{"self":[{"href":"https:\/\/www.acad-ciencias.pt\/eng\/wp-json\/wp\/v2\/mec-events\/14176","targetHints":{"allow":["GET"]}}],"collection":[{"href":"https:\/\/www.acad-ciencias.pt\/eng\/wp-json\/wp\/v2\/mec-events"}],"about":[{"href":"https:\/\/www.acad-ciencias.pt\/eng\/wp-json\/wp\/v2\/types\/mec-events"}],"author":[{"embeddable":true,"href":"https:\/\/www.acad-ciencias.pt\/eng\/wp-json\/wp\/v2\/users\/10"}],"version-history":[{"count":0,"href":"https:\/\/www.acad-ciencias.pt\/eng\/wp-json\/wp\/v2\/mec-events\/14176\/revisions"}],"wp:featuredmedia":[{"embeddable":true,"href":"https:\/\/www.acad-ciencias.pt\/eng\/wp-json\/wp\/v2\/media\/13770"}],"wp:attachment":[{"href":"https:\/\/www.acad-ciencias.pt\/eng\/wp-json\/wp\/v2\/media?parent=14176"}],"wp:term":[{"taxonomy":"post_tag","embeddable":true,"href":"https:\/\/www.acad-ciencias.pt\/eng\/wp-json\/wp\/v2\/tags?post=14176"},{"taxonomy":"mec_category","embeddable":true,"href":"https:\/\/www.acad-ciencias.pt\/eng\/wp-json\/wp\/v2\/mec_category?post=14176"}],"curies":[{"name":"wp","href":"https:\/\/api.w.org\/{rel}","templated":true}]}}