{"id":16898,"date":"2023-10-30T11:26:26","date_gmt":"2023-10-30T11:26:26","guid":{"rendered":"https:\/\/www.acad-ciencias.pt\/?post_type=mec-events&#038;p=16898"},"modified":"2024-01-29T12:01:46","modified_gmt":"2024-01-29T12:01:46","slug":"sessao-classe-de-letras-2","status":"publish","type":"mec-events","link":"https:\/\/www.acad-ciencias.pt\/eng\/events\/sessao-classe-de-letras-2\/","title":{"rendered":"Sess\u00e3o Classe de Letras"},"content":{"rendered":"<div data-elementor-type=\"wp-post\" data-elementor-id=\"16898\" class=\"elementor elementor-16898\">\n\t\t\t\t\t\t<section class=\"has_eae_slider elementor-section elementor-top-section elementor-element elementor-element-1998834c elementor-section-boxed elementor-section-height-default elementor-section-height-default\" data-eae-slider=\"29011\" data-id=\"1998834c\" data-element_type=\"section\">\n\t\t\t\t\t\t<div class=\"elementor-container elementor-column-gap-default\">\n\t\t\t\t\t<div class=\"has_eae_slider aux-parallax-section elementor-column elementor-col-100 elementor-top-column elementor-element elementor-element-36cf54e1\" data-eae-slider=\"84148\" data-id=\"36cf54e1\" data-element_type=\"column\">\n\t\t\t<div class=\"elementor-widget-wrap elementor-element-populated\">\n\t\t\t\t\t\t<div class=\"elementor-element elementor-element-5b847ec7 elementor-widget elementor-widget-text-editor\" data-id=\"5b847ec7\" data-element_type=\"widget\" data-widget_type=\"text-editor.default\">\n\t\t\t\t<div class=\"elementor-widget-container\">\n\t\t\t\t\t\t\t\t\t\n<p>Sess\u00e3o da Classe de Letras sob a presid\u00eancia do Senhor <strong>Jos\u00e9 Lu\u00eds Cardoso<\/strong>, com a seguinte ordem-do-dia:<\/p>\n\n\n\n<ol class=\"wp-block-list\">\n<li>Comunica\u00e7\u00e3o do acad\u00e9mico Senhor <strong>Jos\u00e9 Paulo Cavalcanti<\/strong>, intitulada <em>Bartolomeu Fragoso, primeiro poeta do Brasil.<\/em><\/li>\n\n\n\n<li>Comunica\u00e7\u00e3o do acad\u00e9mico Senhor <strong>Michel Renaud<\/strong>, intitulada <em>Algumas teorias filos\u00f3ficas sobre o esp\u00edrito.<\/em><\/li>\n<\/ol>\n\t\t\t\t\t\t\t\t<\/div>\n\t\t\t\t<\/div>\n\t\t\t\t\t<\/div>\n\t\t<\/div>\n\t\t\t\t\t<\/div>\n\t\t<\/section>\n\t\t\t\t<section class=\"has_eae_slider elementor-section elementor-top-section elementor-element elementor-element-f528e60 elementor-section-boxed elementor-section-height-default elementor-section-height-default\" data-eae-slider=\"73666\" data-id=\"f528e60\" data-element_type=\"section\">\n\t\t\t\t\t\t<div class=\"elementor-container elementor-column-gap-default\">\n\t\t\t\t\t<div class=\"has_eae_slider aux-parallax-section elementor-column elementor-col-100 elementor-top-column elementor-element elementor-element-b90bc81\" data-eae-slider=\"83151\" data-id=\"b90bc81\" data-element_type=\"column\">\n\t\t\t<div class=\"elementor-widget-wrap elementor-element-populated\">\n\t\t\t\t\t\t<div class=\"elementor-element elementor-element-9a135f8 elementor-widget elementor-widget-video\" data-id=\"9a135f8\" data-element_type=\"widget\" data-settings=\"{&quot;youtube_url&quot;:&quot;https:\\\/\\\/www.youtube.com\\\/watch?v=XWkRgzCBGPA&quot;,&quot;video_type&quot;:&quot;youtube&quot;,&quot;controls&quot;:&quot;yes&quot;}\" data-widget_type=\"video.default\">\n\t\t\t\t<div class=\"elementor-widget-container\">\n\t\t\t\t\t\t\t<div class=\"elementor-wrapper elementor-open-inline\">\n\t\t\t<div class=\"elementor-video\"><\/div>\t\t<\/div>\n\t\t\t\t\t\t<\/div>\n\t\t\t\t<\/div>\n\t\t\t\t\t<\/div>\n\t\t<\/div>\n\t\t\t\t\t<\/div>\n\t\t<\/section>\n\t\t\t\t<\/div>","protected":false},"excerpt":{"rendered":"<p>Sess\u00e3o da Classe de Letras sob a presid\u00eancia do Senhor Jos\u00e9 Lu\u00eds Cardoso, com a seguinte ordem-do-dia:<\/p>","protected":false},"author":10,"featured_media":12090,"template":"","tags":[],"mec_category":[27],"class_list":["post-16898","mec-events","type-mec-events","status-publish","has-post-thumbnail","hentry","mec_category-sessoes-academicas"],"_links":{"self":[{"href":"https:\/\/www.acad-ciencias.pt\/eng\/wp-json\/wp\/v2\/mec-events\/16898","targetHints":{"allow":["GET"]}}],"collection":[{"href":"https:\/\/www.acad-ciencias.pt\/eng\/wp-json\/wp\/v2\/mec-events"}],"about":[{"href":"https:\/\/www.acad-ciencias.pt\/eng\/wp-json\/wp\/v2\/types\/mec-events"}],"author":[{"embeddable":true,"href":"https:\/\/www.acad-ciencias.pt\/eng\/wp-json\/wp\/v2\/users\/10"}],"version-history":[{"count":0,"href":"https:\/\/www.acad-ciencias.pt\/eng\/wp-json\/wp\/v2\/mec-events\/16898\/revisions"}],"wp:featuredmedia":[{"embeddable":true,"href":"https:\/\/www.acad-ciencias.pt\/eng\/wp-json\/wp\/v2\/media\/12090"}],"wp:attachment":[{"href":"https:\/\/www.acad-ciencias.pt\/eng\/wp-json\/wp\/v2\/media?parent=16898"}],"wp:term":[{"taxonomy":"post_tag","embeddable":true,"href":"https:\/\/www.acad-ciencias.pt\/eng\/wp-json\/wp\/v2\/tags?post=16898"},{"taxonomy":"mec_category","embeddable":true,"href":"https:\/\/www.acad-ciencias.pt\/eng\/wp-json\/wp\/v2\/mec_category?post=16898"}],"curies":[{"name":"wp","href":"https:\/\/api.w.org\/{rel}","templated":true}]}}