{"id":20185,"date":"2024-11-04T16:47:54","date_gmt":"2024-11-04T16:47:54","guid":{"rendered":"https:\/\/www.acad-ciencias.pt\/?post_type=mec-events&#038;p=20185"},"modified":"2024-11-15T12:45:14","modified_gmt":"2024-11-15T12:45:14","slug":"no-ocaso-da-vida-desafios-do-envelhecimento-469","status":"publish","type":"mec-events","link":"https:\/\/www.acad-ciencias.pt\/eng\/events\/no-ocaso-da-vida-desafios-do-envelhecimento-469\/","title":{"rendered":"&#8220;No Ocaso da Vida&#8221; &#8211; Desafios do Envelhecimento"},"content":{"rendered":"<div data-elementor-type=\"wp-post\" data-elementor-id=\"20185\" class=\"elementor elementor-20185\">\n\t\t\t\t\t\t<section class=\"has_eae_slider elementor-section elementor-top-section elementor-element elementor-element-eec6e43 elementor-section-boxed elementor-section-height-default elementor-section-height-default\" data-eae-slider=\"55591\" data-id=\"eec6e43\" data-element_type=\"section\">\n\t\t\t\t\t\t<div class=\"elementor-container elementor-column-gap-default\">\n\t\t\t\t\t<div class=\"has_eae_slider aux-parallax-section elementor-column elementor-col-100 elementor-top-column elementor-element elementor-element-216f74e2\" data-eae-slider=\"42713\" data-id=\"216f74e2\" data-element_type=\"column\">\n\t\t\t<div class=\"elementor-widget-wrap elementor-element-populated\">\n\t\t\t\t\t\t<div class=\"elementor-element elementor-element-52f98d1e elementor-widget elementor-widget-text-editor\" data-id=\"52f98d1e\" data-element_type=\"widget\" data-widget_type=\"text-editor.default\">\n\t\t\t\t<div class=\"elementor-widget-container\">\n\t\t\t\t\t\t\t\t\t\n<h4>Envelhecimento &#8211; dos trajectos de vida aos seus contextos<\/h4>\n<h5>J\u00falio Machado Vaz | ICBAS<\/h5>\n\n<p>O mundo envelhece numa passada inexor\u00e1vel, um caminho que a sociedade vai percorrendo.\u00a0 A natalidade n\u00e3o parece interromper uma tend\u00eancia de descida pelo menos quando olhamos, ano ap\u00f3s ano, para a demografia dos pa\u00edses desenvolvidos.<\/p>\n\n<p>A esperan\u00e7a-m\u00e9dia de vida das pessoas vem aumentando nos pa\u00edses \u201cocidentais\u201d. Por volta de 2050, Portugal dever\u00e1 ter uma preocupante percentagem de popula\u00e7\u00e3o idosa e dependente. O progressivo incremento desta parte da popula\u00e7\u00e3o a que chamamos \u201cidosos\u201d marcar\u00e1, num futuro pr\u00f3ximo, o tecido social e econ\u00f3mico portugu\u00eas.<\/p>\n\n<p>A velhice traz consigo tend\u00eancia para o decl\u00ednio cognitivo, para a solid\u00e3o, para dificuldades na mobilidade, para um certo empobrecimento do sentido de viver e agrava a tristeza pelos que partem. O aumento irrevers\u00edvel do n\u00famero de \u201cidosos\u201d obriga a sociedade, como um todo, a olhar para o modo de cuidar dos velhos retribuindo-lhes, no final das suas vidas, parte do que deles recebeu. O avan\u00e7o da idade acompanha o aumento de preval\u00eancia de patologias cr\u00f3nicas porque \u201ca velhice nunca viaja sozinha\u201d. Est\u00e1 associado a custos sociais e responsabilidades nomeadamente para as gera\u00e7\u00f5es mais novas.<\/p>\n\n<p>A sociedade necessita de pensar e encontrar espa\u00e7os para integrar as capacidades dos seus \u201cvelhos novos\u201d, pois o valor das capacidades f\u00edsicas e intelectuais de muitos podem ser aproveitadas muito para l\u00e1 do termo do tempo laboral autorizado com m\u00fatuo benef\u00edcio social e pessoal.<br \/>Este ciclo adota um t\u00edtulo inspirado em Jo\u00e3o Lobo Antunes \u2013 No ocaso da vida \u2013.<\/p>\n\n<p>Nele se promove, atrav\u00e9s do conhecimento, uma reflex\u00e3o sobre a responsabilidade coletiva nas formas de valorizar os idosos, reconhecendo-lhes a capacidade de dar um contributo ativo, qualificado, experiente, maduro em tarefas do presente para melhor pensar o futuro.<\/p>\n\n<p><a href=\"https:\/\/www.acad-ciencias.pt\/wp-content\/uploads\/2024\/11\/Programa_No-Ocaso-da-Vida.pdf\" target=\"_blank\" rel=\"noopener\"><span style=\"color: #3366ff;\">Detailed Programme<\/span><\/a><\/p>\n\n<p>\u00a0<\/p>\n\t\t\t\t\t\t\t\t<\/div>\n\t\t\t\t<\/div>\n\t\t\t\t\t<\/div>\n\t\t<\/div>\n\t\t\t\t\t<\/div>\n\t\t<\/section>\n\t\t\t\t<\/div>","protected":false},"excerpt":{"rendered":"<p>Envelhecimento &#8211; dos trajectos de vida aos seus contextos J\u00falio Machado Vaz | ICBAS O mundo envelhece numa passada inexor\u00e1vel, um caminho que a sociedade vai percorrendo.\u00a0 A natalidade n\u00e3o parece interromper uma tend\u00eancia de descida pelo menos quando olhamos, ano ap\u00f3s ano, para a demografia dos pa\u00edses desenvolvidos. A esperan\u00e7a-m\u00e9dia de vida das pessoas [&hellip;]<\/p>","protected":false},"author":10,"featured_media":20175,"template":"","tags":[],"mec_category":[],"class_list":["post-20185","mec-events","type-mec-events","status-publish","has-post-thumbnail","hentry"],"_links":{"self":[{"href":"https:\/\/www.acad-ciencias.pt\/eng\/wp-json\/wp\/v2\/mec-events\/20185","targetHints":{"allow":["GET"]}}],"collection":[{"href":"https:\/\/www.acad-ciencias.pt\/eng\/wp-json\/wp\/v2\/mec-events"}],"about":[{"href":"https:\/\/www.acad-ciencias.pt\/eng\/wp-json\/wp\/v2\/types\/mec-events"}],"author":[{"embeddable":true,"href":"https:\/\/www.acad-ciencias.pt\/eng\/wp-json\/wp\/v2\/users\/10"}],"version-history":[{"count":0,"href":"https:\/\/www.acad-ciencias.pt\/eng\/wp-json\/wp\/v2\/mec-events\/20185\/revisions"}],"wp:featuredmedia":[{"embeddable":true,"href":"https:\/\/www.acad-ciencias.pt\/eng\/wp-json\/wp\/v2\/media\/20175"}],"wp:attachment":[{"href":"https:\/\/www.acad-ciencias.pt\/eng\/wp-json\/wp\/v2\/media?parent=20185"}],"wp:term":[{"taxonomy":"post_tag","embeddable":true,"href":"https:\/\/www.acad-ciencias.pt\/eng\/wp-json\/wp\/v2\/tags?post=20185"},{"taxonomy":"mec_category","embeddable":true,"href":"https:\/\/www.acad-ciencias.pt\/eng\/wp-json\/wp\/v2\/mec_category?post=20185"}],"curies":[{"name":"wp","href":"https:\/\/api.w.org\/{rel}","templated":true}]}}